{"id":11,"date":"2019-06-26T15:36:09","date_gmt":"2019-06-26T13:36:09","guid":{"rendered":"http:\/\/wp13380835.server-he.de\/?page_id=11"},"modified":"2025-01-27T15:40:51","modified_gmt":"2025-01-27T14:40:51","slug":"das-malhaus","status":"publish","type":"page","link":"http:\/\/malhaus-jenfeld.de\/","title":{"rendered":"Angebote der Kulturinitiative Jenfeld"},"content":{"rendered":"\t\t<div data-elementor-type=\"wp-post\" data-elementor-id=\"11\" class=\"elementor elementor-11\">\n\t\t\t\t\t\t\t\t\t<section class=\"elementor-section elementor-top-section elementor-element elementor-element-cb61de1 elementor-section-boxed elementor-section-height-default elementor-section-height-default\" data-id=\"cb61de1\" data-element_type=\"section\">\n\t\t\t\t\t\t<div class=\"elementor-container elementor-column-gap-default\">\n\t\t\t\t\t<div class=\"elementor-column elementor-col-100 elementor-top-column elementor-element elementor-element-18227ec\" data-id=\"18227ec\" data-element_type=\"column\">\n\t\t\t<div class=\"elementor-widget-wrap\">\n\t\t\t\t\t\t\t\t\t<\/div>\n\t\t<\/div>\n\t\t\t\t\t\t\t<\/div>\n\t\t<\/section>\n\t\t\t\t<section class=\"elementor-section elementor-top-section elementor-element elementor-element-f68e5bb elementor-section-full_width elementor-section-height-default elementor-section-height-default\" data-id=\"f68e5bb\" data-element_type=\"section\">\n\t\t\t\t\t\t<div class=\"elementor-container elementor-column-gap-default\">\n\t\t\t\t\t<div class=\"elementor-column elementor-col-100 elementor-top-column elementor-element elementor-element-dd57fb7\" data-id=\"dd57fb7\" data-element_type=\"column\">\n\t\t\t<div class=\"elementor-widget-wrap\">\n\t\t\t\t\t\t\t\t\t<\/div>\n\t\t<\/div>\n\t\t\t\t\t\t\t<\/div>\n\t\t<\/section>\n\t\t\t\t<section class=\"elementor-section elementor-top-section elementor-element elementor-element-85d14aa elementor-section-boxed elementor-section-height-default elementor-section-height-default\" data-id=\"85d14aa\" data-element_type=\"section\">\n\t\t\t\t\t\t<div class=\"elementor-container elementor-column-gap-default\">\n\t\t\t\t\t<div class=\"elementor-column elementor-col-100 elementor-top-column elementor-element elementor-element-ded55a4\" data-id=\"ded55a4\" data-element_type=\"column\">\n\t\t\t<div class=\"elementor-widget-wrap elementor-element-populated\">\n\t\t\t\t\t\t\t\t<div class=\"elementor-element elementor-element-5976581 elementor-widget elementor-widget-text-editor\" data-id=\"5976581\" data-element_type=\"widget\" data-widget_type=\"text-editor.default\">\n\t\t\t\t<div class=\"elementor-widget-container\">\n\t\t\t\t\t\t\t\t\t\t\t\t\t<\/div>\n\t\t\t\t<\/div>\n\t\t\t\t<div class=\"elementor-element elementor-element-0615899 elementor-widget elementor-widget-text-editor\" data-id=\"0615899\" data-element_type=\"widget\" data-widget_type=\"text-editor.default\">\n\t\t\t\t<div class=\"elementor-widget-container\">\n\t\t\t\t\t\t\t<h2>Hier bist Du willkommen!\u00a0<\/h2>\t\t\t\t\t\t<\/div>\n\t\t\t\t<\/div>\n\t\t\t\t\t<\/div>\n\t\t<\/div>\n\t\t\t\t\t\t\t<\/div>\n\t\t<\/section>\n\t\t\t\t<section class=\"elementor-section elementor-top-section elementor-element elementor-element-8c83c8e elementor-section-boxed elementor-section-height-default elementor-section-height-default\" data-id=\"8c83c8e\" data-element_type=\"section\">\n\t\t\t\t\t\t<div class=\"elementor-container elementor-column-gap-default\">\n\t\t\t\t\t<div class=\"elementor-column elementor-col-25 elementor-top-column elementor-element elementor-element-6b02f29\" data-id=\"6b02f29\" data-element_type=\"column\">\n\t\t\t<div class=\"elementor-widget-wrap\">\n\t\t\t\t\t\t\t\t\t<\/div>\n\t\t<\/div>\n\t\t\t\t<div class=\"elementor-column elementor-col-25 elementor-top-column elementor-element elementor-element-5d45dac\" data-id=\"5d45dac\" data-element_type=\"column\">\n\t\t\t<div class=\"elementor-widget-wrap\">\n\t\t\t\t\t\t\t\t\t<\/div>\n\t\t<\/div>\n\t\t\t\t<div class=\"elementor-column elementor-col-25 elementor-top-column elementor-element elementor-element-874ce7d\" data-id=\"874ce7d\" data-element_type=\"column\">\n\t\t\t<div class=\"elementor-widget-wrap\">\n\t\t\t\t\t\t\t\t\t<\/div>\n\t\t<\/div>\n\t\t\t\t<div class=\"elementor-column elementor-col-25 elementor-top-column elementor-element elementor-element-367cee3\" data-id=\"367cee3\" data-element_type=\"column\">\n\t\t\t<div class=\"elementor-widget-wrap\">\n\t\t\t\t\t\t\t\t\t<\/div>\n\t\t<\/div>\n\t\t\t\t\t\t\t<\/div>\n\t\t<\/section>\n\t\t\t\t<section class=\"elementor-section elementor-top-section elementor-element elementor-element-41a60bb elementor-section-boxed elementor-section-height-default elementor-section-height-default\" data-id=\"41a60bb\" data-element_type=\"section\">\n\t\t\t\t\t\t<div class=\"elementor-container elementor-column-gap-default\">\n\t\t\t\t\t<div class=\"elementor-column elementor-col-100 elementor-top-column elementor-element elementor-element-5e3b2a7\" data-id=\"5e3b2a7\" data-element_type=\"column\">\n\t\t\t<div class=\"elementor-widget-wrap\">\n\t\t\t\t\t\t\t\t\t<\/div>\n\t\t<\/div>\n\t\t\t\t\t\t\t<\/div>\n\t\t<\/section>\n\t\t\t\t<section class=\"elementor-section elementor-top-section elementor-element elementor-element-31e28e02 elementor-section-content-top elementor-section-full_width elementor-section-height-default elementor-section-height-default\" data-id=\"31e28e02\" data-element_type=\"section\">\n\t\t\t\t\t\t<div class=\"elementor-container elementor-column-gap-default\">\n\t\t\t\t\t<div class=\"elementor-column elementor-col-50 elementor-top-column elementor-element elementor-element-57a5062a\" data-id=\"57a5062a\" data-element_type=\"column\">\n\t\t\t<div class=\"elementor-widget-wrap elementor-element-populated\">\n\t\t\t\t\t\t\t\t<div class=\"elementor-element elementor-element-6fbc4e8 elementor-widget elementor-widget-image\" data-id=\"6fbc4e8\" data-element_type=\"widget\" data-widget_type=\"image.default\">\n\t\t\t\t<div class=\"elementor-widget-container\">\n\t\t\t\t\t\t\t\t\t\t\t\t\t\t\t<img decoding=\"async\" src=\"http:\/\/malhaus-jenfeld.de\/wp-23803-content\/uploads\/2023\/11\/Wochenplan-Malhaus-1-1.pdf\" title=\"\" alt=\"\" loading=\"lazy\" \/>\t\t\t\t\t\t\t\t\t\t\t\t\t\t\t<\/div>\n\t\t\t\t<\/div>\n\t\t\t\t<div class=\"elementor-element elementor-element-04be710 elementor-widget elementor-widget-image\" data-id=\"04be710\" data-element_type=\"widget\" data-widget_type=\"image.default\">\n\t\t\t\t<div class=\"elementor-widget-container\">\n\t\t\t\t\t\t\t\t\t\t\t\t<figure class=\"wp-caption\">\n\t\t\t\t\t\t\t\t\t\t<img decoding=\"async\" src=\"http:\/\/malhaus-jenfeld.de\/wp-23803-content\/uploads\/2020\/09\/IMG_2251-1.jpg\" title=\"IMG_2251-1\" alt=\"Malhaus der Kulturinitiative Jenfeld\" loading=\"lazy\" \/>\t\t\t\t\t\t\t\t\t\t\t<figcaption class=\"widget-image-caption wp-caption-text\">Das Malhaus der Kulturinitiative Jenfeld in der Kelloggstrasse 38<\/figcaption>\n\t\t\t\t\t\t\t\t\t\t<\/figure>\n\t\t\t\t\t\t\t\t\t<\/div>\n\t\t\t\t<\/div>\n\t\t\t\t\t<\/div>\n\t\t<\/div>\n\t\t\t\t<div class=\"elementor-column elementor-col-50 elementor-top-column elementor-element elementor-element-fbc6d64\" data-id=\"fbc6d64\" data-element_type=\"column\">\n\t\t\t<div class=\"elementor-widget-wrap elementor-element-populated\">\n\t\t\t\t\t\t\t\t<div class=\"elementor-element elementor-element-2be99be elementor-widget elementor-widget-text-editor\" data-id=\"2be99be\" data-element_type=\"widget\" data-widget_type=\"text-editor.default\">\n\t\t\t\t<div class=\"elementor-widget-container\">\n\t\t\t\t\t\t\t<p><!-- wp:paragraph --><\/p>\n<p>\u00a0<\/p>\n<p>Das Malhaus ist ein \u00f6ffentliches soziokulturelles Zentrum der Kulturinitiative Jenfeld der Quadriga gGmbH. Maisgelb leuchtet es &#8211; eingerahmt von den Hochhausbl\u00f6cken der Kreuzburger Stra\u00dfe \u2013 und steht als Symbol f\u00fcr ein lebensfrohes Miteinander der Kulturen.<\/p>\n<p>Im Malhaus sind die B\u00fcros der Kulturinitiative untergebracht. In den Multifunktionsr\u00e4umen (K\u00fcche und Veranstaltungsraum) treffen sich die verschiedenen Interessengruppen. Hier finden Kurse, Ausstellungen und Veranstaltungen statt. Au\u00dferdem werden die R\u00e4ume auch an den Wochenenden <a href=\"https:\/\/www.quadriga-hamburg.de\/kultur-raumvermietung.html\" target=\"_blank\" rel=\"noopener\">f\u00fcr Feiern vermietet.<\/a> Rund um das Malhaus findet das allj\u00e4hrliche Nachbarschaftsfest in Kooperation mit anderen benachbarten Einrichtungen statt.<\/p>\n<p>Auf unserem Internetauftritt m\u00f6chten wir Euch zeigen, was sich bei uns so alles tut. Einige Angebote und Projekte haben eigene Webauftritte, dann verlinken wir dort hin.<\/p>\n<p>Die Projekte, die nicht im Malhaus oder in der benachbarten T\u00f6pferei stattfinden (N\u00e4hwerkstatt, Gemeinschaftsgarten, Junges Theater Jenfeld) k\u00f6nnt ihr direkt auf der Seite der <a href=\"https:\/\/www.quadriga-hamburg.de\/kulturinitiative.html\">Quadriga gGmbH<\/a> finden.<\/p>\n<p>Unsere B\u00fcrozeiten: Montag bis Donnerstag 9:30 bis 13:00 Uhr<\/p>\n<p>Telefon: 040 &#8211; 65 45 004 \u00a0<\/p>\n<p><!-- \/wp:paragraph --><\/p>\t\t\t\t\t\t<\/div>\n\t\t\t\t<\/div>\n\t\t\t\t<div class=\"elementor-element elementor-element-38606a3 elementor-widget elementor-widget-image\" data-id=\"38606a3\" data-element_type=\"widget\" data-widget_type=\"image.default\">\n\t\t\t\t<div class=\"elementor-widget-container\">\n\t\t\t\t\t\t\t\t\t\t\t\t<figure class=\"wp-caption\">\n\t\t\t\t\t\t\t\t\t\t<img fetchpriority=\"high\" decoding=\"async\" width=\"768\" height=\"486\" src=\"http:\/\/malhaus-jenfeld.de\/wp-23803-content\/uploads\/2025\/01\/Wochenplan-Malhaus-01_25-1.png-1-768x486.png\" class=\"attachment-medium_large size-medium_large wp-image-2659\" alt=\"\" srcset=\"http:\/\/malhaus-jenfeld.de\/wp-23803-content\/uploads\/2025\/01\/Wochenplan-Malhaus-01_25-1.png-1-768x486.png 768w, http:\/\/malhaus-jenfeld.de\/wp-23803-content\/uploads\/2025\/01\/Wochenplan-Malhaus-01_25-1.png-1-300x190.png 300w, http:\/\/malhaus-jenfeld.de\/wp-23803-content\/uploads\/2025\/01\/Wochenplan-Malhaus-01_25-1.png-1-1024x648.png 1024w, http:\/\/malhaus-jenfeld.de\/wp-23803-content\/uploads\/2025\/01\/Wochenplan-Malhaus-01_25-1.png-1-1536x972.png 1536w, http:\/\/malhaus-jenfeld.de\/wp-23803-content\/uploads\/2025\/01\/Wochenplan-Malhaus-01_25-1.png-1-1000x633.png 1000w, http:\/\/malhaus-jenfeld.de\/wp-23803-content\/uploads\/2025\/01\/Wochenplan-Malhaus-01_25-1.png-1-230x146.png 230w, http:\/\/malhaus-jenfeld.de\/wp-23803-content\/uploads\/2025\/01\/Wochenplan-Malhaus-01_25-1.png-1-350x222.png 350w, http:\/\/malhaus-jenfeld.de\/wp-23803-content\/uploads\/2025\/01\/Wochenplan-Malhaus-01_25-1.png-1-480x304.png 480w, http:\/\/malhaus-jenfeld.de\/wp-23803-content\/uploads\/2025\/01\/Wochenplan-Malhaus-01_25-1.png-1.png 2000w\" sizes=\"(max-width: 768px) 100vw, 768px\" \/>\t\t\t\t\t\t\t\t\t\t\t<figcaption class=\"widget-image-caption wp-caption-text\">Programm in der T\u00f6pferei und im Malhaus der Kulturinitiative Jenfeld<\/figcaption>\n\t\t\t\t\t\t\t\t\t\t<\/figure>\n\t\t\t\t\t\t\t\t\t<\/div>\n\t\t\t\t<\/div>\n\t\t\t\t<div class=\"elementor-element elementor-element-33f6609 elementor-widget elementor-widget-spacer\" data-id=\"33f6609\" data-element_type=\"widget\" data-widget_type=\"spacer.default\">\n\t\t\t\t<div class=\"elementor-widget-container\">\n\t\t\t\t\t<div class=\"elementor-spacer\">\n\t\t\t<div class=\"elementor-spacer-inner\"><\/div>\n\t\t<\/div>\n\t\t\t\t<\/div>\n\t\t\t\t<\/div>\n\t\t\t\t\t<\/div>\n\t\t<\/div>\n\t\t\t\t\t\t\t<\/div>\n\t\t<\/section>\n\t\t\t\t<section class=\"elementor-section elementor-top-section elementor-element elementor-element-524ee82 elementor-section-boxed elementor-section-height-default elementor-section-height-default\" data-id=\"524ee82\" data-element_type=\"section\">\n\t\t\t\t\t\t<div class=\"elementor-container elementor-column-gap-default\">\n\t\t\t\t\t<div class=\"elementor-column elementor-col-100 elementor-top-column elementor-element elementor-element-016df42\" data-id=\"016df42\" data-element_type=\"column\">\n\t\t\t<div class=\"elementor-widget-wrap\">\n\t\t\t\t\t\t\t\t\t<\/div>\n\t\t<\/div>\n\t\t\t\t\t\t\t<\/div>\n\t\t<\/section>\n\t\t\t\t<section class=\"elementor-section elementor-top-section elementor-element elementor-element-1ef5a32 elementor-section-boxed elementor-section-height-default elementor-section-height-default\" data-id=\"1ef5a32\" data-element_type=\"section\">\n\t\t\t\t\t\t<div class=\"elementor-container elementor-column-gap-default\">\n\t\t\t\t\t<div class=\"elementor-column elementor-col-100 elementor-top-column elementor-element elementor-element-ca2458a\" data-id=\"ca2458a\" data-element_type=\"column\">\n\t\t\t<div class=\"elementor-widget-wrap elementor-element-populated\">\n\t\t\t\t\t\t\t\t<section class=\"elementor-section elementor-inner-section elementor-element elementor-element-62b0de1 elementor-section-boxed elementor-section-height-default elementor-section-height-default\" data-id=\"62b0de1\" data-element_type=\"section\">\n\t\t\t\t\t\t<div class=\"elementor-container elementor-column-gap-default\">\n\t\t\t\t\t<div class=\"elementor-column elementor-col-50 elementor-inner-column elementor-element elementor-element-64726d4\" data-id=\"64726d4\" data-element_type=\"column\">\n\t\t\t<div class=\"elementor-widget-wrap elementor-element-populated\">\n\t\t\t\t\t\t\t\t<div class=\"elementor-element elementor-element-7a18718 elementor-widget elementor-widget-image\" data-id=\"7a18718\" data-element_type=\"widget\" data-widget_type=\"image.default\">\n\t\t\t\t<div class=\"elementor-widget-container\">\n\t\t\t\t\t\t\t\t\t\t\t\t<figure class=\"wp-caption\">\n\t\t\t\t\t\t\t\t\t\t<img decoding=\"async\" width=\"225\" height=\"300\" src=\"http:\/\/malhaus-jenfeld.de\/wp-23803-content\/uploads\/2024\/05\/Ulrike-Foto-Malhaus-2024_NEU-e1716820303181-225x300.jpg\" class=\"attachment-medium size-medium wp-image-2618\" alt=\"\" srcset=\"http:\/\/malhaus-jenfeld.de\/wp-23803-content\/uploads\/2024\/05\/Ulrike-Foto-Malhaus-2024_NEU-e1716820303181-225x300.jpg 225w, http:\/\/malhaus-jenfeld.de\/wp-23803-content\/uploads\/2024\/05\/Ulrike-Foto-Malhaus-2024_NEU-e1716820303181-767x1024.jpg 767w, http:\/\/malhaus-jenfeld.de\/wp-23803-content\/uploads\/2024\/05\/Ulrike-Foto-Malhaus-2024_NEU-e1716820303181-768x1026.jpg 768w, http:\/\/malhaus-jenfeld.de\/wp-23803-content\/uploads\/2024\/05\/Ulrike-Foto-Malhaus-2024_NEU-e1716820303181-1150x1536.jpg 1150w, http:\/\/malhaus-jenfeld.de\/wp-23803-content\/uploads\/2024\/05\/Ulrike-Foto-Malhaus-2024_NEU-e1716820303181-1533x2048.jpg 1533w, http:\/\/malhaus-jenfeld.de\/wp-23803-content\/uploads\/2024\/05\/Ulrike-Foto-Malhaus-2024_NEU-e1716820303181-1000x1336.jpg 1000w, http:\/\/malhaus-jenfeld.de\/wp-23803-content\/uploads\/2024\/05\/Ulrike-Foto-Malhaus-2024_NEU-e1716820303181-230x307.jpg 230w, http:\/\/malhaus-jenfeld.de\/wp-23803-content\/uploads\/2024\/05\/Ulrike-Foto-Malhaus-2024_NEU-e1716820303181-350x468.jpg 350w, http:\/\/malhaus-jenfeld.de\/wp-23803-content\/uploads\/2024\/05\/Ulrike-Foto-Malhaus-2024_NEU-e1716820303181-480x641.jpg 480w, http:\/\/malhaus-jenfeld.de\/wp-23803-content\/uploads\/2024\/05\/Ulrike-Foto-Malhaus-2024_NEU-e1716820303181.jpg 1611w\" sizes=\"(max-width: 225px) 100vw, 225px\" \/>\t\t\t\t\t\t\t\t\t\t\t<figcaption class=\"widget-image-caption wp-caption-text\">Ulrike Krahnert -  Leitung Kulturmanagement<\/figcaption>\n\t\t\t\t\t\t\t\t\t\t<\/figure>\n\t\t\t\t\t\t\t\t\t<\/div>\n\t\t\t\t<\/div>\n\t\t\t\t\t<\/div>\n\t\t<\/div>\n\t\t\t\t<div class=\"elementor-column elementor-col-50 elementor-inner-column elementor-element elementor-element-b4d5e28\" data-id=\"b4d5e28\" data-element_type=\"column\">\n\t\t\t<div class=\"elementor-widget-wrap elementor-element-populated\">\n\t\t\t\t\t\t\t\t<div class=\"elementor-element elementor-element-e6f59a9 elementor-widget elementor-widget-image\" data-id=\"e6f59a9\" data-element_type=\"widget\" data-widget_type=\"image.default\">\n\t\t\t\t<div class=\"elementor-widget-container\">\n\t\t\t\t\t\t\t\t\t\t\t\t<figure class=\"wp-caption\">\n\t\t\t\t\t\t\t\t\t\t<img decoding=\"async\" width=\"300\" height=\"297\" src=\"http:\/\/malhaus-jenfeld.de\/wp-23803-content\/uploads\/2024\/02\/002-002-scaled-e1708508998273-300x297.jpg\" class=\"attachment-medium size-medium wp-image-2556\" alt=\"\" srcset=\"http:\/\/malhaus-jenfeld.de\/wp-23803-content\/uploads\/2024\/02\/002-002-scaled-e1708508998273-300x297.jpg 300w, http:\/\/malhaus-jenfeld.de\/wp-23803-content\/uploads\/2024\/02\/002-002-scaled-e1708508998273-1024x1014.jpg 1024w, http:\/\/malhaus-jenfeld.de\/wp-23803-content\/uploads\/2024\/02\/002-002-scaled-e1708508998273-150x150.jpg 150w, http:\/\/malhaus-jenfeld.de\/wp-23803-content\/uploads\/2024\/02\/002-002-scaled-e1708508998273-768x761.jpg 768w, http:\/\/malhaus-jenfeld.de\/wp-23803-content\/uploads\/2024\/02\/002-002-scaled-e1708508998273-1536x1522.jpg 1536w, http:\/\/malhaus-jenfeld.de\/wp-23803-content\/uploads\/2024\/02\/002-002-scaled-e1708508998273-1000x991.jpg 1000w, http:\/\/malhaus-jenfeld.de\/wp-23803-content\/uploads\/2024\/02\/002-002-scaled-e1708508998273-230x228.jpg 230w, http:\/\/malhaus-jenfeld.de\/wp-23803-content\/uploads\/2024\/02\/002-002-scaled-e1708508998273-350x347.jpg 350w, http:\/\/malhaus-jenfeld.de\/wp-23803-content\/uploads\/2024\/02\/002-002-scaled-e1708508998273-480x476.jpg 480w, http:\/\/malhaus-jenfeld.de\/wp-23803-content\/uploads\/2024\/02\/002-002-scaled-e1708508998273.jpg 1826w\" sizes=\"(max-width: 300px) 100vw, 300px\" \/>\t\t\t\t\t\t\t\t\t\t\t<figcaption class=\"widget-image-caption wp-caption-text\">Kerstin Laveatz - 1. Vorsitzende Vorstand Verein FKJ e.V. <\/figcaption>\n\t\t\t\t\t\t\t\t\t\t<\/figure>\n\t\t\t\t\t\t\t\t\t<\/div>\n\t\t\t\t<\/div>\n\t\t\t\t\t<\/div>\n\t\t<\/div>\n\t\t\t\t\t\t\t<\/div>\n\t\t<\/section>\n\t\t\t\t\t<\/div>\n\t\t<\/div>\n\t\t\t\t\t\t\t<\/div>\n\t\t<\/section>\n\t\t\t\t\t\t\t<\/div>\n\t\t","protected":false},"excerpt":{"rendered":"<p>Hier bist Du willkommen!\u00a0 Das Malhaus der Kulturinitiative Jenfeld in der Kelloggstrasse 38 \u00a0 Das Malhaus ist ein \u00f6ffentliches soziokulturelles Zentrum der Kulturinitiative Jenfeld der Quadriga gGmbH. Maisgelb leuchtet es &#8211; eingerahmt von den Hochhausbl\u00f6cken der Kreuzburger Stra\u00dfe \u2013 und steht als Symbol f\u00fcr ein lebensfrohes Miteinander der Kulturen. Im Malhaus sind die B\u00fcros der Kulturinitiative untergebracht. In den Multifunktionsr\u00e4umen (K\u00fcche und Veranstaltungsraum) treffen sich die verschiedenen Interessengruppen. Hier finden Kurse, Ausstellungen und Veranstaltungen statt. Au\u00dferdem werden die R\u00e4ume auch an den Wochenenden f\u00fcr Feiern vermietet. Rund um das Malhaus findet das allj\u00e4hrliche Nachbarschaftsfest in Kooperation mit anderen benachbarten Einrichtungen statt. Auf unserem Internetauftritt m\u00f6chten wir Euch zeigen, was sich bei uns so alles tut. Einige Angebote und Projekte haben eigene Webauftritte, dann verlinken wir dort hin. Die Projekte, die nicht im Malhaus oder in der benachbarten T\u00f6pferei stattfinden (N\u00e4hwerkstatt, Gemeinschaftsgarten, Junges Theater Jenfeld) k\u00f6nnt ihr direkt auf der Seite der Quadriga gGmbH finden. Unsere B\u00fcrozeiten: Montag bis Donnerstag 9:30 bis 13:00 Uhr Telefon: 040 &#8211; 65 45 004 \u00a0 Programm in der T\u00f6pferei und im Malhaus der Kulturinitiative Jenfeld Ulrike Krahnert &#8211; Leitung Kulturmanagement [&hellip;]<\/p>\n","protected":false},"author":2,"featured_media":8,"parent":0,"menu_order":0,"comment_status":"closed","ping_status":"closed","template":"page-templates\/page_front-page.php","meta":{"footnotes":""},"_links":{"self":[{"href":"http:\/\/malhaus-jenfeld.de\/index.php?rest_route=\/wp\/v2\/pages\/11"}],"collection":[{"href":"http:\/\/malhaus-jenfeld.de\/index.php?rest_route=\/wp\/v2\/pages"}],"about":[{"href":"http:\/\/malhaus-jenfeld.de\/index.php?rest_route=\/wp\/v2\/types\/page"}],"author":[{"embeddable":true,"href":"http:\/\/malhaus-jenfeld.de\/index.php?rest_route=\/wp\/v2\/users\/2"}],"replies":[{"embeddable":true,"href":"http:\/\/malhaus-jenfeld.de\/index.php?rest_route=%2Fwp%2Fv2%2Fcomments&post=11"}],"version-history":[{"count":246,"href":"http:\/\/malhaus-jenfeld.de\/index.php?rest_route=\/wp\/v2\/pages\/11\/revisions"}],"predecessor-version":[{"id":2665,"href":"http:\/\/malhaus-jenfeld.de\/index.php?rest_route=\/wp\/v2\/pages\/11\/revisions\/2665"}],"wp:featuredmedia":[{"embeddable":true,"href":"http:\/\/malhaus-jenfeld.de\/index.php?rest_route=\/wp\/v2\/media\/8"}],"wp:attachment":[{"href":"http:\/\/malhaus-jenfeld.de\/index.php?rest_route=%2Fwp%2Fv2%2Fmedia&parent=11"}],"curies":[{"name":"wp","href":"https:\/\/api.w.org\/{rel}","templated":true}]}}