{"id":1730,"date":"2022-02-14T15:17:40","date_gmt":"2022-02-14T14:17:40","guid":{"rendered":"http:\/\/malhaus-jenfeld.de\/?page_id=1730"},"modified":"2024-03-12T12:53:06","modified_gmt":"2024-03-12T11:53:06","slug":"musikalische-frueherziehung","status":"publish","type":"page","link":"http:\/\/malhaus-jenfeld.de\/?page_id=1730","title":{"rendered":"Musikalische Fr\u00fcherziehung"},"content":{"rendered":"\t\t<div data-elementor-type=\"wp-page\" data-elementor-id=\"1730\" class=\"elementor elementor-1730\">\n\t\t\t\t\t\t\t\t\t<section class=\"elementor-section elementor-top-section elementor-element elementor-element-4c92cb1 elementor-section-boxed elementor-section-height-default elementor-section-height-default\" data-id=\"4c92cb1\" data-element_type=\"section\">\n\t\t\t\t\t\t<div class=\"elementor-container elementor-column-gap-default\">\n\t\t\t\t\t<div class=\"elementor-column elementor-col-100 elementor-top-column elementor-element elementor-element-fd9cfdb\" data-id=\"fd9cfdb\" data-element_type=\"column\">\n\t\t\t<div class=\"elementor-widget-wrap elementor-element-populated\">\n\t\t\t\t\t\t\t\t<div class=\"elementor-element elementor-element-a599fe2 elementor-widget elementor-widget-text-editor\" data-id=\"a599fe2\" data-element_type=\"widget\" data-widget_type=\"text-editor.default\">\n\t\t\t\t<div class=\"elementor-widget-container\">\n\t\t\t\t\t\t\t<p>Unser Klangstrolche-Angebot geht, aufgrund hoher Nachfrage, ab 6. Dezember 2023 in die Verl\u00e4ngerung.<\/p><p>Bei den Klangstrolchen handelt es sich um musikalische Fr\u00fcherziehung f\u00fcr Kinder von 2 bis 6 Jahren. Kooperationspartner ist die\u00a0<a href=\"https:\/\/www.kph-hamburg.de\/\" target=\"_blank\" rel=\"noopener\">Stiftung Kulturpalast Billstedt<\/a>. Unsere Kursleiterin ist die S\u00e4ngerin und Musikp\u00e4dagogin Rosana Beidenegl.<\/p><p><strong>Kurszeitr\u00e4ume mit je 8 Terminen: 21.02.24 &#8211; 24.04.24\u00a0 und 08.05.24-10.07.24<\/strong><\/p><p><strong>Uhrzeiten:<\/strong><\/p><p>15:30 &#8211; 16:15 f\u00fcr Kinder 2-3 Jahre (mit Eltern)<\/p><p>16:30 &#8211; 17:15 f\u00fcr Kinder 4-6 Jahre (ohne Eltern)<\/p><p>Die Kosten f\u00fcr 8 Termine betragen 45 Euro.<\/p><p>Anmeldung per Telefon unter: 040-6545004 oder per E-Mail an: kulturinitiative@quadriga-hamburg.de.<\/p><p><strong>Sie k\u00f6nnen sich auch f\u00fcr die Folgekurse als Interessenten registrieren lassen.<\/strong><\/p><p>Weitere Informationen zu dem Musikkonzept der Klangstrolche finden Sie hier:\u00a0<a href=\"https:\/\/www.klangstrolche.de\/\">https:\/\/www.klangstrolche.de\/<\/a><\/p><p>Gef\u00f6rdert durch den Fond Hamburger Spielr\u00e4ume der B\u00fcrgerstiftung Hamburg.<\/p>\t\t\t\t\t\t<\/div>\n\t\t\t\t<\/div>\n\t\t\t\t\t<\/div>\n\t\t<\/div>\n\t\t\t\t\t\t\t<\/div>\n\t\t<\/section>\n\t\t\t\t<section class=\"elementor-section elementor-top-section elementor-element elementor-element-b353345 elementor-section-boxed elementor-section-height-default elementor-section-height-default\" data-id=\"b353345\" data-element_type=\"section\">\n\t\t\t\t\t\t<div class=\"elementor-container elementor-column-gap-default\">\n\t\t\t\t\t<div class=\"elementor-column elementor-col-33 elementor-top-column elementor-element elementor-element-937c669\" data-id=\"937c669\" data-element_type=\"column\">\n\t\t\t<div class=\"elementor-widget-wrap elementor-element-populated\">\n\t\t\t\t\t\t\t\t<div class=\"elementor-element elementor-element-1ce04d9 elementor-widget elementor-widget-image\" data-id=\"1ce04d9\" data-element_type=\"widget\" data-widget_type=\"image.default\">\n\t\t\t\t<div class=\"elementor-widget-container\">\n\t\t\t\t\t\t\t\t\t\t\t\t\t\t\t<img decoding=\"async\" width=\"202\" height=\"136\" src=\"http:\/\/malhaus-jenfeld.de\/wp-23803-content\/uploads\/2022\/03\/Musikalische-Foerderung.png\" class=\"attachment-medium_large size-medium_large wp-image-1781\" alt=\"\" \/>\t\t\t\t\t\t\t\t\t\t\t\t\t\t\t<\/div>\n\t\t\t\t<\/div>\n\t\t\t\t\t<\/div>\n\t\t<\/div>\n\t\t\t\t<div class=\"elementor-column elementor-col-33 elementor-top-column elementor-element elementor-element-eae3319\" data-id=\"eae3319\" data-element_type=\"column\">\n\t\t\t<div class=\"elementor-widget-wrap elementor-element-populated\">\n\t\t\t\t\t\t\t\t<div class=\"elementor-element elementor-element-1bf494f elementor-widget elementor-widget-image\" data-id=\"1bf494f\" data-element_type=\"widget\" data-widget_type=\"image.default\">\n\t\t\t\t<div class=\"elementor-widget-container\">\n\t\t\t\t\t\t\t\t\t\t\t\t\t\t\t<img fetchpriority=\"high\" decoding=\"async\" width=\"768\" height=\"628\" src=\"http:\/\/malhaus-jenfeld.de\/wp-23803-content\/uploads\/2022\/03\/Klangstrolche-768x628.jpg\" class=\"attachment-medium_large size-medium_large wp-image-1777\" alt=\"\" srcset=\"http:\/\/malhaus-jenfeld.de\/wp-23803-content\/uploads\/2022\/03\/Klangstrolche-768x628.jpg 768w, http:\/\/malhaus-jenfeld.de\/wp-23803-content\/uploads\/2022\/03\/Klangstrolche-300x245.jpg 300w, http:\/\/malhaus-jenfeld.de\/wp-23803-content\/uploads\/2022\/03\/Klangstrolche-1024x837.jpg 1024w, http:\/\/malhaus-jenfeld.de\/wp-23803-content\/uploads\/2022\/03\/Klangstrolche-1536x1255.jpg 1536w, http:\/\/malhaus-jenfeld.de\/wp-23803-content\/uploads\/2022\/03\/Klangstrolche-830x678.jpg 830w, http:\/\/malhaus-jenfeld.de\/wp-23803-content\/uploads\/2022\/03\/Klangstrolche-230x188.jpg 230w, http:\/\/malhaus-jenfeld.de\/wp-23803-content\/uploads\/2022\/03\/Klangstrolche-350x286.jpg 350w, http:\/\/malhaus-jenfeld.de\/wp-23803-content\/uploads\/2022\/03\/Klangstrolche-480x392.jpg 480w, http:\/\/malhaus-jenfeld.de\/wp-23803-content\/uploads\/2022\/03\/Klangstrolche.jpg 1867w\" sizes=\"(max-width: 768px) 100vw, 768px\" \/>\t\t\t\t\t\t\t\t\t\t\t\t\t\t\t<\/div>\n\t\t\t\t<\/div>\n\t\t\t\t\t<\/div>\n\t\t<\/div>\n\t\t\t\t<div class=\"elementor-column elementor-col-33 elementor-top-column elementor-element elementor-element-4a08b86\" data-id=\"4a08b86\" data-element_type=\"column\">\n\t\t\t<div class=\"elementor-widget-wrap elementor-element-populated\">\n\t\t\t\t\t\t\t\t<div class=\"elementor-element elementor-element-5337b0a elementor-widget elementor-widget-image\" data-id=\"5337b0a\" data-element_type=\"widget\" data-widget_type=\"image.default\">\n\t\t\t\t<div class=\"elementor-widget-container\">\n\t\t\t\t\t\t\t\t\t\t\t\t\t\t\t<img decoding=\"async\" width=\"200\" height=\"135\" src=\"http:\/\/malhaus-jenfeld.de\/wp-23803-content\/uploads\/2022\/03\/Xylophon.png\" class=\"attachment-medium_large size-medium_large wp-image-1782\" alt=\"\" \/>\t\t\t\t\t\t\t\t\t\t\t\t\t\t\t<\/div>\n\t\t\t\t<\/div>\n\t\t\t\t\t<\/div>\n\t\t<\/div>\n\t\t\t\t\t\t\t<\/div>\n\t\t<\/section>\n\t\t\t\t\t\t\t<\/div>\n\t\t","protected":false},"excerpt":{"rendered":"<p>Unser Klangstrolche-Angebot geht, aufgrund hoher Nachfrage, ab 6. Dezember 2023 in die Verl\u00e4ngerung. Bei den Klangstrolchen handelt es sich um musikalische Fr\u00fcherziehung f\u00fcr Kinder von 2 bis 6 Jahren. Kooperationspartner ist die\u00a0Stiftung Kulturpalast Billstedt. Unsere Kursleiterin ist die S\u00e4ngerin und Musikp\u00e4dagogin Rosana Beidenegl. Kurszeitr\u00e4ume mit je 8 Terminen: 21.02.24 &#8211; 24.04.24\u00a0 und 08.05.24-10.07.24 Uhrzeiten: 15:30 &#8211; 16:15 f\u00fcr Kinder 2-3 Jahre (mit Eltern) 16:30 &#8211; 17:15 f\u00fcr Kinder 4-6 Jahre (ohne Eltern) Die Kosten f\u00fcr 8 Termine betragen 45 Euro. Anmeldung per Telefon unter: 040-6545004 oder per E-Mail an: kulturinitiative@quadriga-hamburg.de. Sie k\u00f6nnen sich auch f\u00fcr die Folgekurse als Interessenten registrieren lassen. Weitere Informationen zu dem Musikkonzept der Klangstrolche finden Sie hier:\u00a0https:\/\/www.klangstrolche.de\/ Gef\u00f6rdert durch den Fond Hamburger Spielr\u00e4ume der B\u00fcrgerstiftung Hamburg.<\/p>\n","protected":false},"author":2,"featured_media":0,"parent":0,"menu_order":0,"comment_status":"closed","ping_status":"closed","template":"","meta":{"footnotes":""},"_links":{"self":[{"href":"http:\/\/malhaus-jenfeld.de\/index.php?rest_route=\/wp\/v2\/pages\/1730"}],"collection":[{"href":"http:\/\/malhaus-jenfeld.de\/index.php?rest_route=\/wp\/v2\/pages"}],"about":[{"href":"http:\/\/malhaus-jenfeld.de\/index.php?rest_route=\/wp\/v2\/types\/page"}],"author":[{"embeddable":true,"href":"http:\/\/malhaus-jenfeld.de\/index.php?rest_route=\/wp\/v2\/users\/2"}],"replies":[{"embeddable":true,"href":"http:\/\/malhaus-jenfeld.de\/index.php?rest_route=%2Fwp%2Fv2%2Fcomments&post=1730"}],"version-history":[{"count":99,"href":"http:\/\/malhaus-jenfeld.de\/index.php?rest_route=\/wp\/v2\/pages\/1730\/revisions"}],"predecessor-version":[{"id":2581,"href":"http:\/\/malhaus-jenfeld.de\/index.php?rest_route=\/wp\/v2\/pages\/1730\/revisions\/2581"}],"wp:attachment":[{"href":"http:\/\/malhaus-jenfeld.de\/index.php?rest_route=%2Fwp%2Fv2%2Fmedia&parent=1730"}],"curies":[{"name":"wp","href":"https:\/\/api.w.org\/{rel}","templated":true}]}}